{"id":16893,"date":"2025-04-15T18:10:05","date_gmt":"2025-04-15T18:10:05","guid":{"rendered":"https:\/\/mountain-ride.com\/?page_id=16893"},"modified":"2025-04-16T00:43:16","modified_gmt":"2025-04-16T00:43:16","slug":"conquista-la-palma","status":"publish","type":"page","link":"https:\/\/mountain-ride.com\/es\/conquista-la-palma\/","title":{"rendered":"Conquista La Palma"},"content":{"rendered":"<div class=\"wpb-content-wrapper\"><p>[vc_row full_width=\u00bbstretch_row_content\u00bb css=\u00bb.vc_custom_1744759654760{padding-top: 20px !important;padding-bottom: 50px !important;background-image: url(https:\/\/mountain-ride.com\/wp-content\/uploads\/2025\/04\/conquista_titel_4.jpg?id=16721) !important;background-position: center !important;background-repeat: no-repeat !important;background-size: cover !important;}\u00bb][vc_column][vc_row_inner][vc_column_inner width=\u00bb1\/3&#8243;][\/vc_column_inner][vc_column_inner width=\u00bb1\/3&#8243; css=\u00bb.vc_custom_1744058142197{padding-right: 25% !important;padding-left: 25% !important;}\u00bb][vc_single_image image=\u00bb13777&#8243; img_size=\u00bbfull\u00bb alignment=\u00bbcenter\u00bb img_link_target=\u00bb_blank\u00bb link=\u00bbhttps:\/\/www.mountain-ride.com\u00bb onclick=\u00bbcustom_link\u00bb][\/vc_column_inner][vc_column_inner width=\u00bb1\/3&#8243; css=\u00bb.vc_custom_1744062178393{padding-right: 10% !important;}\u00bb offset=\u00bbvc_hidden-sm vc_hidden-xs\u00bb][vc_btn title=\u00bb\u00a1RESERVA YA!\u00bb shape=\u00bbsquare\u00bb color=\u00bbinverse\u00bb size=\u00bbsm\u00bb align=\u00bbright\u00bb link=\u00bburl:%23contact|\u00bb][\/vc_column_inner][\/vc_row_inner][vc_row_inner][vc_column_inner width=\u00bb1\/3&#8243;][\/vc_column_inner][vc_column_inner width=\u00bb1\/3&#8243; css=\u00bb.vc_custom_1744062376533{padding-top: 8% !important;padding-right: 35% !important;padding-bottom: 0px !important;padding-left: 35% !important;}\u00bb][vc_single_image image=\u00bb13801&#8243; img_size=\u00bbfull\u00bb alignment=\u00bbcenter\u00bb][\/vc_column_inner][vc_column_inner width=\u00bb1\/3&#8243; css=\u00bb.vc_custom_1744058249792{padding-right: 10% !important;}\u00bb][\/vc_column_inner][\/vc_row_inner][vc_row_inner css=\u00bb.vc_custom_1744062096529{padding-bottom: 20% !important;}\u00bb][vc_column_inner][vc_column_text]<\/p>\n<h2 style=\"text-align: center; margin-bottom: 0px;\"><span style=\"color: #ffffff;\"><strong>CONQUISTA LA PALMA<\/strong><\/span><\/h2>\n<h4 style=\"text-align: center; margin-top: 0.2em;\"><span style=\"color: #ffffff;\">\u00a1Os regalamos <strong>2 d\u00edas inolvidables!<\/strong><\/span><\/h4>\n<p>[\/vc_column_text][vc_btn title=\u00bb\u00a1RESERVA YA!\u00bb shape=\u00bbsquare\u00bb color=\u00bbinverse\u00bb size=\u00bbsm\u00bb align=\u00bbcenter\u00bb link=\u00bburl:%23contact|\u00bb][\/vc_column_inner][\/vc_row_inner][\/vc_column][\/vc_row][vc_row full_width=\u00bbstretch_row_content_no_spaces\u00bb css=\u00bb.vc_custom_1744068600827{padding-right: 20px !important;padding-left: 20px !important;background: #f7f1ea url(https:\/\/mountain-ride.com\/wp-content\/uploads\/2023\/08\/bg-relief-weiss_2.png?id=12509) !important;background-position: center !important;background-repeat: no-repeat !important;background-size: cover !important;}\u00bb][vc_column][vc_row_inner equal_height=\u00bbyes\u00bb gap=\u00bb35&#8243; css=\u00bb.vc_custom_1744063700341{padding-right: 20px !important;padding-left: 20px !important;}\u00bb][vc_column_inner width=\u00bb1\/3&#8243; css=\u00bb.vc_custom_1744064247731{padding-right: 10px !important;padding-left: 10px !important;}\u00bb][vc_column_text]<\/p>\n<h6 style=\"text-align: center; margin: 0.4em 0;\">Promoci\u00f3n Irresistible<\/h6>\n<h4 style=\"text-align: center; margin: 0.4em 0 0 0;\">\u00a1<strong>Oe regalamos <\/strong>2 rutas!<\/h4>\n<p style=\"text-align: center;\">Conquista la isla de La Palma en dos rutas inolvidables<\/p>\n<p>[\/vc_column_text][\/vc_column_inner][vc_column_inner width=\u00bb1\/3&#8243; css=\u00bb.vc_custom_1744064257911{padding-right: 10px !important;padding-left: 10px !important;}\u00bb][vc_column_text]<\/p>\n<h6 style=\"text-align: center; margin: 0.4em 0;\">Requerimiento 1<\/h6>\n<h4 style=\"text-align: center; margin: 0.4em 0 0 0;\"><strong>Reserva 5 o m\u00e1s d\u00edas<\/strong> con nosotros en La Palma<\/h4>\n<p style=\"text-align: center;\">Nos <strong>encargamos<\/strong> de buscar y gestionar el <strong>alojamiento<\/strong> y <strong>los transfer del aeropuerto<\/strong>.<\/p>\n<p>[\/vc_column_text][\/vc_column_inner][vc_column_inner width=\u00bb1\/3&#8243; css=\u00bb.vc_custom_1744064267958{padding-right: 10px !important;padding-left: 10px !important;}\u00bb][vc_column_text]<\/p>\n<h6 style=\"text-align: center; margin: 0.4em 0;\">Requerimiento 2<\/h6>\n<h4 style=\"text-align: center; margin: 0.4em 0 0 0;\">Con un grupo de <strong>m\u00ednimo 6 personas<\/strong><\/h4>\n<p style=\"text-align: center;\">Porque en grupeta todo mola m\u00e1s \ud83d\ude42<\/p>\n<p>[\/vc_column_text][\/vc_column_inner][\/vc_row_inner][\/vc_column][\/vc_row][vc_row full_width=\u00bbstretch_row\u00bb equal_height=\u00bbyes\u00bb content_placement=\u00bbmiddle\u00bb css=\u00bb.vc_custom_1744065346067{padding-right: 30px !important;padding-left: 30px !important;}\u00bb][vc_column][vc_row_inner][vc_column_inner]\r\n    <div class=\"wd_empty_space\" data-heightmobile=\"0\" \r\n      data-heighttablet=\"20px\" data-heightdesktop=\"30px\"\r\n      style=\"height: 30pxpx;\" >\r\n    <\/div>\r\n\r\n    [\/vc_column_inner][\/vc_row_inner][vc_row_inner content_placement=\u00bbmiddle\u00bb gap=\u00bb35&#8243;][vc_column_inner width=\u00bb1\/12&#8243;][\/vc_column_inner][vc_column_inner width=\u00bb5\/12&#8243;][vc_column_text css=\u00bb.vc_custom_1744720845266{margin-bottom: 0px !important;padding-bottom: 0px !important;}\u00bb]<\/p>\n<h5 style=\"margin: 0 0 0.9em 0;\">\u00bfEn qu\u00e9 consiste la promoci\u00f3n?<\/h5>\n<p><strong>Haz tu reserva de 5 d\u00edas<\/strong> o m\u00e1s de estancia con nosotros * y <strong>te regalamos 2 d\u00edas de rutas guiadas<\/strong> (valoradas en 148\u20ac). Disfruta de las mejores carreteras de la isla con nuestro equipo, y -si quieres- el resto de los d\u00edas puedes contratar m\u00e1s rutas con nosotros.  <\/p>\n<p>S\u00f3lo necesitas un grupo de al menos <strong>6 personas<\/strong>. <strong>La bici<\/strong> no est\u00e1 incluida, pero si no la traes, tambi\u00e9n puedes alquilarla -con oferta exclusiva- en nuestra tienda.<\/p>\n<p>\u00a1No dejes pasar esta oportunidad y vive una aventura inolvidable con tu grupeta o club!<\/p>\n<p>*Nosotros nos encargamos de buscar y gestionar el alojamiento.<\/p>\n<p>[\/vc_column_text][\/vc_column_inner][vc_column_inner width=\u00bb5\/12&#8243;][vc_single_image image=\u00bb16598&#8243; img_size=\u00bbfull\u00bb css=\u00bb.vc_custom_1744070197188{margin-bottom: 0px !important;padding-bottom: 0px !important;}\u00bb][\/vc_column_inner][vc_column_inner width=\u00bb1\/12&#8243;][\/vc_column_inner][\/vc_row_inner][vc_row_inner][vc_column_inner]\r\n    <div class=\"wd_empty_space\" data-heightmobile=\"0\" \r\n      data-heighttablet=\"20px\" data-heightdesktop=\"50px\"\r\n      style=\"height: 50pxpx;\" >\r\n    <\/div>\r\n\r\n    [\/vc_column_inner][\/vc_row_inner][\/vc_column][\/vc_row][vc_row css=\u00bb.vc_custom_1744066177442{padding-right: 30px !important;padding-left: 30px !important;background-color: #640934 !important;}\u00bb][vc_column][vc_row_inner][vc_column_inner]\r\n    <div class=\"wd_empty_space\" data-heightmobile=\"20px\" \r\n      data-heighttablet=\"20px\" data-heightdesktop=\"30px\"\r\n      style=\"height: 30pxpx;\" >\r\n    <\/div>\r\n\r\n    [vc_column_text]<\/p>\n<h6 style=\"text-align: center; margin-bottom: 10px;\"><span style=\"color: #ffffff;\">La Isla Bonita<\/span><\/h6>\n<h4 style=\"text-align: center; margin: 0; line-height: 0.8em;\"><span style=\"color: #ffffff;\"><strong>Para\u00edso en las Islas Canarias:<\/strong><\/span><br \/>\n<span style=\"color: #ffffff;\"><strong>La Palma<\/strong><\/span><\/h4>\n<p style=\"text-align: center; max-width: 600px; margin: 20px auto 0;\"><span style=\"color: #ffffff;\">Disfruta de la belleza natural de La Palma mientras pedaleas por carreteras tranquilas. Nuestros gu\u00edas expertos te llevar\u00e1n a los mejores lugares de la isla. <\/span><\/p>\n<p>[\/vc_column_text][\/vc_column_inner][\/vc_row_inner][vc_row_inner content_placement=\u00bbmiddle\u00bb gap=\u00bb35&#8243;][vc_column_inner width=\u00bb1\/12&#8243; offset=\u00bbvc_hidden-sm vc_hidden-xs\u00bb][\/vc_column_inner][vc_column_inner width=\u00bb3\/12&#8243;][vc_column_text]<\/p>\n<h5 style=\"text-align: center; margin-bottom: 5px;\"><span style=\"color: #ffffff;\">510 km<\/span><\/h5>\n<h6 style=\"text-align: center; margin-top: 0; margin-bottom: 50px;\"><span style=\"color: #ffffff;\">de carreteras perfectamente asfaltadas<\/span><\/h6>\n<h5 style=\"text-align: center; margin-bottom: 5px;\"><span style=\"color: #ffffff;\">2426m+ en 29km<\/span><\/h5>\n<h6 style=\"text-align: center; margin-top: 0;\"><span style=\"color: #ffffff;\">El puerto m\u00e1s duro de Europa<\/span><\/h6>\n<p>[\/vc_column_text][\/vc_column_inner][vc_column_inner width=\u00bb4\/12&#8243;][vc_single_image image=\u00bb16603&#8243; img_size=\u00bbfull\u00bb alignment=\u00bbcenter\u00bb css=\u00bb.vc_custom_1744068076773{margin-bottom: 0px !important;}\u00bb][\/vc_column_inner][vc_column_inner width=\u00bb3\/12&#8243;][vc_column_text]<\/p>\n<h5 style=\"text-align: center; margin-bottom: 5px;\"><span style=\"color: #ffffff;\">Carreteras con muy poco tr\u00e1fico<\/span><\/h5>\n<h6 style=\"text-align: center; margin-top: 0; margin-bottom: 50px;\"><span style=\"color: #ffffff;\">Rueda con la tranquilidad de no estar agobiado por el tr\u00e1fico<\/span><\/h6>\n<h5 style=\"text-align: center; margin-bottom: 5px;\"><span style=\"color: #ffffff;\">Vistas \u00e9picas<\/span><\/h5>\n<h6 style=\"text-align: center; margin-top: 0;\"><span style=\"color: #ffffff;\">Gracias a su elevaci\u00f3n espectacular hay panor\u00e1micas en cada curva<\/span><\/h6>\n<p>[\/vc_column_text][\/vc_column_inner][vc_column_inner width=\u00bb1\/12&#8243; offset=\u00bbvc_hidden-sm vc_hidden-xs\u00bb][\/vc_column_inner][\/vc_row_inner][vc_row_inner][vc_column_inner][vc_btn title=\u00bbCont\u00e1ctanos\u00bb shape=\u00bbsquare\u00bb size=\u00bbsm\u00bb align=\u00bbcenter\u00bb link=\u00bburl:%23contact|\u00bb][\/vc_column_inner][\/vc_row_inner][vc_row_inner][vc_column_inner]\r\n    <div class=\"wd_empty_space\" data-heightmobile=\"40px\" \r\n      data-heighttablet=\"30px\" data-heightdesktop=\"40px\"\r\n      style=\"height: 40pxpx;\" >\r\n    <\/div>\r\n\r\n    [\/vc_column_inner][\/vc_row_inner][\/vc_column][\/vc_row][vc_row full_width=\u00bbstretch_row\u00bb equal_height=\u00bbyes\u00bb content_placement=\u00bbmiddle\u00bb css=\u00bb.vc_custom_1744067384302{padding-right: 30px !important;padding-left: 30px !important;}\u00bb][vc_column][vc_row_inner css=\u00bb.vc_custom_1744068132155{padding-top: 0px !important;padding-bottom: 0px !important;}\u00bb][vc_column_inner css=\u00bb.vc_custom_1744068124855{padding-top: 0px !important;padding-bottom: 0px !important;}\u00bb]\r\n    <div class=\"wd_empty_space\" data-heightmobile=\"0\" \r\n      data-heighttablet=\"0\" data-heightdesktop=\"20px\"\r\n      style=\"height: 20pxpx;\" >\r\n    <\/div>\r\n\r\n    [\/vc_column_inner][\/vc_row_inner][vc_row_inner equal_height=\u00bbyes\u00bb content_placement=\u00bbmiddle\u00bb gap=\u00bb35&#8243;][vc_column_inner width=\u00bb1\/12&#8243; offset=\u00bbvc_hidden-sm vc_hidden-xs\u00bb][\/vc_column_inner][vc_column_inner width=\u00bb5\/12&#8243;][vc_column_text css=\u00bb.vc_custom_1744733698660{margin-bottom: 20px !important;padding-bottom: 0px !important;}\u00bb]<\/p>\n<h6 style=\"margin: 0 0 0.4em;\">Aventura<\/h6>\n<h4 style=\"margin: 0 0 0.9em 0;\"><strong>Pedalea en el para\u00edso\u2026<\/strong><\/h4>\n<p><strong>La Palma es el destino perfecto para los ciclistas.<\/strong> Un destino de puertos exigentes, carreteras tranquilas y paisajes impresionantes, con rutas de gran desnivel en pocos kil\u00f3metros, como el <strong>ascenso al Roque de los Muchachos (2.426 m) con m\u00e1s de 40 km y 2.400 m de desnivel,<\/strong> <strong>o la Vuelta a La Palma por la LP-1,<\/strong> <strong>una etapa de 157 km y 3.450 m de ascensi\u00f3n<\/strong>, la isla ofrece retos \u00fanicos en un entorno espectacular y seguro.<\/p>\n<p><strong>Nosotros nos encargamos de todo:<\/strong> guiamos cada ruta adaptada a vuestro nivel, para que s\u00f3lo os preocup\u00e9is de disfrutar del paisaje y del reto.<\/p>\n<p>Ya sea que busqu\u00e9is desaf\u00edos o simplemente explorar la isla a vuestro ritmo, La Palma tiene algo para todos.<\/p>\n<p>[\/vc_column_text][vc_btn title=\u00bb\u00a1Reserva ahora!\u00bb shape=\u00bbsquare\u00bb size=\u00bbxs\u00bb align=\u00bbleft\u00bb link=\u00bburl:%23contact|\u00bb][\/vc_column_inner][vc_column_inner width=\u00bb6\/12&#8243;][vc_single_image image=\u00bb16608&#8243; img_size=\u00bbfull\u00bb]\r\n    <div class=\"wd_empty_space\" data-heightmobile=\"20px\" \r\n      data-heighttablet=\"20px\" data-heightdesktop=\"0\"\r\n      style=\"height: 0px;\" >\r\n    <\/div>\r\n\r\n    [\/vc_column_inner][\/vc_row_inner][vc_row_inner][vc_column_inner]\r\n    <div class=\"wd_empty_space\" data-heightmobile=\"20px\" \r\n      data-heighttablet=\"20px\" data-heightdesktop=\"30px\"\r\n      style=\"height: 30pxpx;\" >\r\n    <\/div>\r\n\r\n    [\/vc_column_inner][\/vc_row_inner][\/vc_column][\/vc_row][vc_row full_width=\u00bbstretch_row_content_no_spaces\u00bb css=\u00bb.vc_custom_1744069920426{padding-right: 10% !important;padding-left: 10% !important;background-image: url(https:\/\/mountain-ride.com\/wp-content\/uploads\/2025\/04\/road-bike-tours-La-Palma4_2-1.jpg?id=16794) !important;background-position: center !important;background-repeat: no-repeat !important;background-size: cover !important;}\u00bb][vc_column][vc_row_inner equal_height=\u00bbyes\u00bb gap=\u00bb35&#8243; css=\u00bb.vc_custom_1744063700341{padding-right: 20px !important;padding-left: 20px !important;}\u00bb][vc_column_inner width=\u00bb1\/3&#8243; css=\u00bb.vc_custom_1744064247731{padding-right: 10px !important;padding-left: 10px !important;}\u00bb][vc_column_text]<\/p>\n<h5 style=\"margin: 0.4em 0px 0px; text-align: left;\"><strong><span style=\"color: #ffffff;\">Rutas adabtadas<\/span><\/strong><\/h5>\n<h6 style=\"text-align: left;\"><span style=\"color: #ffffff;\">Nos adaptamos a tu nivel de forma<\/span><\/h6>\n<p>[\/vc_column_text][\/vc_column_inner][vc_column_inner width=\u00bb1\/3&#8243; css=\u00bb.vc_custom_1744064257911{padding-right: 10px !important;padding-left: 10px !important;}\u00bb][vc_column_text]<\/p>\n<h5 style=\"margin: 0.4em 0px 0px; text-align: left;\"><strong><span style=\"color: #ffffff;\">Transferes<\/span><\/strong><\/h5>\n<h6 style=\"text-align: left;\"><span style=\"color: #ffffff;\">Si no salimos del hotel, nos encargamos de llevaros al punto de partida de cada ruta<\/span><\/h6>\n<p>[\/vc_column_text][\/vc_column_inner][vc_column_inner width=\u00bb1\/3&#8243; css=\u00bb.vc_custom_1744064267958{padding-right: 10px !important;padding-left: 10px !important;}\u00bb][vc_column_text]<\/p>\n<h5 style=\"margin: 0.4em 0px 0px; text-align: left;\"><strong><span style=\"color: #ffffff;\">Gastronom\u00eda<\/span><\/strong><\/h5>\n<h6 style=\"text-align: left;\"><span style=\"color: #ffffff;\">Adem\u00e1s de dar pedales, tambi\u00e9n conocer\u00e1s la mejor gastronom\u00eda insular<\/span><\/h6>\n<p>[\/vc_column_text][\/vc_column_inner][\/vc_row_inner]\r\n    <div class=\"wd_empty_space\" data-heightmobile=\"0\" \r\n      data-heighttablet=\"130px\" data-heightdesktop=\"10px\"\r\n      style=\"height: 10pxpx;\" >\r\n    <\/div>\r\n\r\n    [\/vc_column][\/vc_row][vc_row css=\u00bb.vc_custom_1744069262609{padding-right: 10% !important;padding-left: 10% !important;background-color: #f4f4f4 !important;}\u00bb][vc_column]\r\n    <div class=\"wd_empty_space\" data-heightmobile=\"0\" \r\n      data-heighttablet=\"130px\" data-heightdesktop=\"30px\"\r\n      style=\"height: 30pxpx;\" >\r\n    <\/div>\r\n\r\n    [vc_row_inner][vc_column_inner width=\u00bb1\/2&#8243;][vc_column_text]<\/p>\n<h6 style=\"margin-bottom: 5px; margin-top: 0px;\">Te ense\u00f1amos la isla<\/h6>\n<h3 style=\"margin-top: 0px;\"><strong>\u00bfQui\u00e9n te va a guiar?<\/strong><\/h3>\n<p>[\/vc_column_text][\/vc_column_inner][vc_column_inner width=\u00bb1\/2&#8243;][vc_column_text]<strong>Nuestro equipo de gu\u00edas est\u00e1 formado por ciclistas experimentados en competici\u00f3n,<\/strong> con un profundo conocimiento de las mejores rutas de la isla y una gran pasi\u00f3n por La Palma. Ofrecemos rutas adaptadas a todos los niveles, desde opciones dise\u00f1adas en funci\u00f3n de vuestros W\/kg, hasta recorridos m\u00e1s relajados para disfrutar de los paisajes y los encantos de la isla sin sufrimiento.[\/vc_column_text][\/vc_column_inner][\/vc_row_inner][vc_row_inner][vc_column_inner width=\u00bb1\/3&#8243;][vc_single_image image=\u00bb16673&#8243; img_size=\u00bbfull\u00bb][vc_column_text]<\/p>\n<h5 style=\"margin: 0px;\">Andy<\/h5>\n<p>Se siente a gusto sobre cualquier cosa que tenga 2 ruedas. Su pasi\u00f3n m\u00e1s grande es la bicicleta de monta\u00f1a, pero ha cogido el gusto de la experiencia de rodar en grupo.[\/vc_column_text][\/vc_column_inner][vc_column_inner width=\u00bb1\/3&#8243;][vc_single_image image=\u00bb16678&#8243; img_size=\u00bbfull\u00bb][vc_column_text]<\/p>\n<h5 style=\"margin: 0px;\">Arley<\/h5>\n<p>Apasionado por la bicicleta: En su rutina diaria se dedica a reparar bicis, ya que le fascina la mec\u00e1nica. En su tiempo libre, tambi\u00e9n se involucra en competiciones de XC y de carretera.[\/vc_column_text][\/vc_column_inner][vc_column_inner width=\u00bb1\/3&#8243;][vc_single_image image=\u00bb16683&#8243; img_size=\u00bbfull\u00bb][vc_column_text]<\/p>\n<h5 style=\"margin: 0px;\">Dani<\/h5>\n<p>Dani realmente ama la bicicleta de carretera. Se sumerge por completo en su entrenamiento y siempre est\u00e1 listo para competir en diferentes carreras, ya sea aqu\u00ed en las islas, en la pen\u00ednsula e incluso en Alemania.[\/vc_column_text][\/vc_column_inner][\/vc_row_inner]\r\n    <div class=\"wd_empty_space\" data-heightmobile=\"0\" \r\n      data-heighttablet=\"130px\" data-heightdesktop=\"30px\"\r\n      style=\"height: 30pxpx;\" >\r\n    <\/div>\r\n\r\n    [\/vc_column][\/vc_row][vc_row full_width=\u00bbstretch_row\u00bb equal_height=\u00bbyes\u00bb content_placement=\u00bbmiddle\u00bb css=\u00bb.vc_custom_1744065346067{padding-right: 30px !important;padding-left: 30px !important;}\u00bb][vc_column][vc_row_inner][vc_column_inner]\r\n    <div class=\"wd_empty_space\" data-heightmobile=\"0\" \r\n      data-heighttablet=\"20px\" data-heightdesktop=\"30px\"\r\n      style=\"height: 30pxpx;\" >\r\n    <\/div>\r\n\r\n    [\/vc_column_inner][\/vc_row_inner][vc_row_inner content_placement=\u00bbmiddle\u00bb gap=\u00bb35&#8243;][vc_column_inner width=\u00bb1\/12&#8243;][\/vc_column_inner][vc_column_inner width=\u00bb5\/12&#8243;][vc_column_text css=\u00bb.vc_custom_1744734703856{margin-bottom: 0px !important;padding-bottom: 0px !important;}\u00bb]<\/p>\n<h6 style=\"margin: 0 0 0.4em;\">No hace falta llevar a tu bici propia<\/h6>\n<h3 style=\"margin: 0 0 0.4em 0;\"><strong>Oferta de alquiler<\/strong><\/h3>\n<p><strong>Si no traes tu bici, aqu\u00ed tenemos una esper\u00e1ndote.<\/strong> Disfruta de la isla con nuestra oferta en una Merida Scultura 6000 Di2, una bicicleta de carretera de alto rendimiento, con las siguientes caracter\u00edsticas: <\/p>\n<p>&#8211; Cuadro de carbono<br \/>\n&#8211; Cambio electr\u00f3nico Shimano 105 Di2 12V<br \/>\n&#8211; Frenos de disco Shimano 105[\/vc_column_text][vc_btn title=\u00bbCont\u00e1ctanos\u00bb shape=\u00bbsquare\u00bb color=\u00bbinverse\u00bb size=\u00bbxs\u00bb align=\u00bbleft\u00bb css=\u00bb.vc_custom_1744462936128{margin-top: 20px !important;}\u00bb link=\u00bburl:%23contact|\u00bb][\/vc_column_inner][vc_column_inner width=\u00bb5\/12&#8243;][vc_single_image image=\u00bb16906&#8243; img_size=\u00bbfull\u00bb css=\u00bb.vc_custom_1744737152578{margin-bottom: 0px !important;padding-bottom: 0px !important;}\u00bb][\/vc_column_inner][vc_column_inner width=\u00bb1\/12&#8243;][\/vc_column_inner][\/vc_row_inner][vc_row_inner][vc_column_inner]\r\n    <div class=\"wd_empty_space\" data-heightmobile=\"0\" \r\n      data-heighttablet=\"20px\" data-heightdesktop=\"50px\"\r\n      style=\"height: 50pxpx;\" >\r\n    <\/div>\r\n\r\n    [\/vc_column_inner][\/vc_row_inner][\/vc_column][\/vc_row][vc_row css=\u00bb.vc_custom_1744070977990{padding-top: 30px !important;padding-right: 10% !important;padding-bottom: 30px !important;padding-left: 10% !important;background-image: url(https:\/\/mountain-ride.com\/wp-content\/uploads\/2025\/04\/taller-mountainride-la-palma_2.jpg?id=16817) !important;}\u00bb][vc_column width=\u00bb1\/2&#8243;][vc_column_text css=\u00bb.vc_custom_1744738379802{margin-bottom: 0px !important;padding-bottom: 0px !important;}\u00bb]<\/p>\n<h3 style=\"margin: 0 0 0.4em 0;\"><span style=\"color: #ffffff;\"><strong>Tienda y taller profesional<\/strong><\/span><\/h3>\n<p><span style=\"color: #ffffff;\">Tambi\u00e9n contamos con <strong>tiendas especializadas en ciclismo,<\/strong> equipadas con todo lo que necesitas, desde <strong>bicicletas y accesorios<\/strong> hasta ropa t\u00e9cnica y componentes de alta calidad. <\/span><\/p>\n<p><span style=\"color: #ffffff;\">Adem\u00e1s, disponemos de <strong>talleres con los mejores mec\u00e1nicos de la isla<\/strong>, listos para ofrecerte el mejor servicio y solucionar cualquier necesidad que tengas para que disfrutes al m\u00e1ximo de cada ruta.<\/span><\/p>\n<p>[\/vc_column_text]\r\n    <div class=\"wd_empty_space\" data-heightmobile=\"30px\" \r\n      data-heighttablet=\"130px\" data-heightdesktop=\"30px\"\r\n      style=\"height: 30pxpx;\" >\r\n    <\/div>\r\n\r\n    [\/vc_column][\/vc_row][vc_row full_width=\u00bbstretch_row\u00bb equal_height=\u00bbyes\u00bb content_placement=\u00bbmiddle\u00bb css=\u00bb.vc_custom_1744067384302{padding-right: 30px !important;padding-left: 30px !important;}\u00bb][vc_column][vc_row_inner css=\u00bb.vc_custom_1744068132155{padding-top: 0px !important;padding-bottom: 0px !important;}\u00bb][vc_column_inner css=\u00bb.vc_custom_1744068124855{padding-top: 0px !important;padding-bottom: 0px !important;}\u00bb]\r\n    <div class=\"wd_empty_space\" data-heightmobile=\"0\" \r\n      data-heighttablet=\"0\" data-heightdesktop=\"20px\"\r\n      style=\"height: 20pxpx;\" >\r\n    <\/div>\r\n\r\n    [\/vc_column_inner][\/vc_row_inner][vc_row_inner equal_height=\u00bbyes\u00bb content_placement=\u00bbmiddle\u00bb gap=\u00bb35&#8243;][vc_column_inner width=\u00bb1\/12&#8243; offset=\u00bbvc_hidden-sm vc_hidden-xs\u00bb][\/vc_column_inner][vc_column_inner width=\u00bb5\/12&#8243;][vc_column_text css=\u00bb.vc_custom_1744738490701{margin-bottom: 20px !important;padding-bottom: 0px !important;}\u00bb]<\/p>\n<h6 style=\"margin: 0 0 0.4em;\">Belleza de La Palma<\/h6>\n<h4 style=\"margin: 0 0 0.9em 0;\"><strong>Un poco m\u00e1s de La Palma<\/strong><\/h4>\n<p>La Palma, la Isla Bonita, lo tiene todo: volcanes imponentes, playas de arena negra, piscinas naturales de agua cristalina y bosques de laurisilva llenos de vida. Su clima perfecto te permite disfrutar de cada rinc\u00f3n en cualquier \u00e9poca del a\u00f1o. Un lugar espectacular donde la naturaleza te envuelve y cada paisaje te deja sin palabras\u2026[\/vc_column_text][vc_btn title=\u00bbM\u00e1s informaci\u00f3n\u00bb shape=\u00bbsquare\u00bb color=\u00bbdefault\u00bb size=\u00bbxs\u00bb align=\u00bbleft\u00bb i_icon_fontawesome=\u00bbfas fa-external-link-alt\u00bb add_icon=\u00bbtrue\u00bb link=\u00bburl:https%3A%2F%2Fvisitlapalma.es|\u00bb][\/vc_column_inner][vc_column_inner width=\u00bb6\/12&#8243;][vc_single_image image=\u00bb15389&#8243; img_size=\u00bbfull\u00bb]\r\n    <div class=\"wd_empty_space\" data-heightmobile=\"20px\" \r\n      data-heighttablet=\"20px\" data-heightdesktop=\"0\"\r\n      style=\"height: 0px;\" >\r\n    <\/div>\r\n\r\n    [\/vc_column_inner][\/vc_row_inner][vc_row_inner][vc_column_inner]\r\n    <div class=\"wd_empty_space\" data-heightmobile=\"0\" \r\n      data-heighttablet=\"0\" data-heightdesktop=\"30px\"\r\n      style=\"height: 30pxpx;\" >\r\n    <\/div>\r\n\r\n    [\/vc_column_inner][\/vc_row_inner][vc_row_inner][vc_column_inner width=\u00bb2\/12&#8243;][\/vc_column_inner][vc_column_inner width=\u00bb5\/12&#8243; css=\u00bb.vc_custom_1744237769496{padding-right: 5px !important;padding-left: 5px !important;}\u00bb offset=\u00bbvc_col-lg-5 vc_col-md-5 vc_col-xs-8&#8243;][vc_single_image image=\u00bb16693&#8243; img_size=\u00bbfull\u00bb css=\u00bb.vc_custom_1744237620574{margin-bottom: 10px !important;}\u00bb][vc_single_image image=\u00bb16653&#8243; img_size=\u00bbfull\u00bb css=\u00bb.vc_custom_1744238441810{margin-bottom: 10px !important;}\u00bb][vc_single_image image=\u00bb16593&#8243; img_size=\u00bbfull\u00bb][\/vc_column_inner][vc_column_inner width=\u00bb1\/4&#8243; css=\u00bb.vc_custom_1744237834754{padding-right: 5px !important;padding-left: 5px !important;}\u00bb offset=\u00bbvc_col-lg-3 vc_col-md-3 vc_col-xs-4&#8243;][vc_single_image image=\u00bb16658&#8243; img_size=\u00bbfull\u00bb css=\u00bb.vc_custom_1744237629169{margin-bottom: 10px !important;}\u00bb][vc_single_image image=\u00bb16638&#8243; img_size=\u00bbfull\u00bb css=\u00bb.vc_custom_1744237637701{margin-bottom: 10px !important;}\u00bb][vc_single_image image=\u00bb16688&#8243; img_size=\u00bbfull\u00bb]\r\n    <div class=\"wd_empty_space\" data-heightmobile=\"10px\" \r\n      data-heighttablet=\"20px\" data-heightdesktop=\"30px\"\r\n      style=\"height: 30pxpx;\" >\r\n    <\/div>\r\n\r\n    [\/vc_column_inner][vc_column_inner width=\u00bb2\/12&#8243;][\/vc_column_inner][\/vc_row_inner][\/vc_column][\/vc_row][vc_row full_width=\u00bbstretch_row\u00bb equal_height=\u00bbyes\u00bb content_placement=\u00bbmiddle\u00bb css=\u00bb.vc_custom_1744702514589{padding-right: 30px !important;padding-left: 30px !important;background-color: #e8e8e8 !important;}\u00bb][vc_column][vc_row_inner][vc_column_inner]\r\n    <div class=\"wd_empty_space\" data-heightmobile=\"0\" \r\n      data-heighttablet=\"20px\" data-heightdesktop=\"30px\"\r\n      style=\"height: 30pxpx;\" >\r\n    <\/div>\r\n\r\n    [\/vc_column_inner][\/vc_row_inner][vc_row_inner content_placement=\u00bbmiddle\u00bb gap=\u00bb35&#8243;][vc_column_inner width=\u00bb1\/12&#8243;][\/vc_column_inner][vc_column_inner width=\u00bb5\/12&#8243;][vc_column_text css=\u00bb.vc_custom_1744738701473{margin-bottom: 0px !important;padding-bottom: 0px !important;}\u00bb]<\/p>\n<h5 style=\"margin: 0 0 0.9em 0;\">Opci\u00f3n de alojamiento<\/h5>\n<p><strong>Casa Sansof\u00e9 es el lugar perfecto para los ciclistas que buscan un alojamiento c\u00f3modo y bien ubicado en La Palma.<\/strong> Situada justo encima de nuestra tienda, esta casa ofrece un ambiente acogedor y funcional, ideal para quienes quieren descubrir la isla sobre dos ruedas.<\/p>\n<p>Con habitaciones confortables, zonas comunes para relajarse, la Casa Sansof\u00e9 es el punto de partida ideal para tus rutas. Adem\u00e1s, su ubicaci\u00f3n en el coraz\u00f3n de Los Llanos te permite disfrutar de todos los servicios, restaurantes y comercios a s\u00f3lo unos pasos.<\/p>\n<p>[\/vc_column_text][\/vc_column_inner][vc_column_inner width=\u00bb5\/12&#8243;][vc_single_image image=\u00bb16623&#8243; img_size=\u00bbfull\u00bb css=\u00bb.vc_custom_1744238268903{margin-bottom: 0px !important;padding-bottom: 0px !important;}\u00bb][\/vc_column_inner][vc_column_inner width=\u00bb1\/12&#8243;][\/vc_column_inner][\/vc_row_inner][vc_row_inner][vc_column_inner]\r\n    <div class=\"wd_empty_space\" data-heightmobile=\"0\" \r\n      data-heighttablet=\"20px\" data-heightdesktop=\"50px\"\r\n      style=\"height: 50pxpx;\" >\r\n    <\/div>\r\n\r\n    [\/vc_column_inner][\/vc_row_inner][\/vc_column][\/vc_row][vc_row full_width=\u00bbstretch_row\u00bb equal_height=\u00bbyes\u00bb content_placement=\u00bbmiddle\u00bb css=\u00bb.vc_custom_1744065346067{padding-right: 30px !important;padding-left: 30px !important;}\u00bb][vc_column][vc_row_inner][vc_column_inner]\r\n    <div class=\"wd_empty_space\" data-heightmobile=\"0\" \r\n      data-heighttablet=\"20px\" data-heightdesktop=\"30px\"\r\n      style=\"height: 30pxpx;\" >\r\n    <\/div>\r\n\r\n    [\/vc_column_inner][\/vc_row_inner][vc_row_inner content_placement=\u00bbmiddle\u00bb gap=\u00bb35&#8243;][vc_column_inner width=\u00bb1\/12&#8243;][\/vc_column_inner][vc_column_inner width=\u00bb5\/12&#8243;][vc_single_image image=\u00bb16633&#8243; img_size=\u00bbfull\u00bb css=\u00bb.vc_custom_1744238338630{margin-bottom: 0px !important;padding-bottom: 0px !important;}\u00bb][\/vc_column_inner][vc_column_inner width=\u00bb5\/12&#8243;][vc_column_text css=\u00bb.vc_custom_1744738731694{margin-bottom: 0px !important;padding-bottom: 0px !important;}\u00bb]<span style=\"color: #640934;\">\u2605\u2605\u2605\u2605\u2605<\/span><\/p>\n<p><strong>\u00abSe adaptaron perfectamente a nuestro nivel y tuvimos la sensaci\u00f3n de estar en casa desde el primer momento\u00bb.<\/strong><\/p>\n<h6 style=\"margin: 0; font-size: 0.6em; font-weight: normal;\"><strong>Equipo Wattletics<\/strong><\/h6>\n<p>[\/vc_column_text][\/vc_column_inner][vc_column_inner width=\u00bb1\/12&#8243;][\/vc_column_inner][\/vc_row_inner][vc_row_inner][vc_column_inner]\r\n    <div class=\"wd_empty_space\" data-heightmobile=\"0\" \r\n      data-heighttablet=\"20px\" data-heightdesktop=\"50px\"\r\n      style=\"height: 50pxpx;\" >\r\n    <\/div>\r\n\r\n    [\/vc_column_inner][\/vc_row_inner][\/vc_column][\/vc_row][vc_row css=\u00bb.vc_custom_1744241069318{padding-top: 30px !important;padding-right: 10% !important;padding-bottom: 30px !important;padding-left: 10% !important;background-image: url(https:\/\/mountain-ride.com\/wp-content\/uploads\/2025\/04\/road-bike-tours-La-Palma5_2.jpg?id=16841) !important;background-position: center !important;background-repeat: no-repeat !important;background-size: cover !important;}\u00bb][vc_column width=\u00bb7\/12&#8243;][vc_column_text css=\u00bb.vc_custom_1744738789003{margin-bottom: 0px !important;padding-bottom: 0px !important;}\u00bb]<\/p>\n<h3 style=\"margin: 0 0 0.4em 0;\"><span style=\"color: #ffffff;\"><strong>Explora La Palma en bicicleta<\/strong><\/span><\/h3>\n<p><span style=\"color: #ffffff;\">Contactanos ya para hacer el planning para VUESTRA aventura inolvidable <strong> <a id=\"contact\"><\/a><\/strong><br \/>\n<\/span>[\/vc_column_text]\r\n    <div class=\"wd_empty_space\" data-heightmobile=\"30px\" \r\n      data-heighttablet=\"30px\" data-heightdesktop=\"30px\"\r\n      style=\"height: 30pxpx;\" >\r\n    <\/div>\r\n\r\n    [\/vc_column][\/vc_row][vc_row][vc_column width=\u00bb2\/12&#8243;][\/vc_column][vc_column width=\u00bb2\/3&#8243; css=\u00bb.vc_custom_1744461643539{padding-right: 5% !important;padding-left: 5% !important;}\u00bb][vc_column_text]<\/p>\n<h3 style=\"text-align: center; margin-bottom: 10px;\"><strong>\u00a1Ponte en contacto!<\/strong><\/h3>\n<h6 style=\"text-align: center; margin-top: 0px;\">Juntos buscamos la fecha perfecta para vuestra estancia \u2013 \u00a1tenemos ganas de ense\u00f1arles la isla!<\/h6>\n<p>[\/vc_column_text]\n<div class=\"wpcf7 no-js\" id=\"wpcf7-f16861-o1\" lang=\"\" dir=\"ltr\" data-wpcf7-id=\"16861\">\n<div class=\"screen-reader-response\"><p role=\"status\" aria-live=\"polite\" aria-atomic=\"true\"><\/p> <ul><\/ul><\/div>\n<form action=\"\/es\/wp-json\/wp\/v2\/pages\/16893#wpcf7-f16861-o1\" method=\"post\" class=\"wpcf7-form init\" aria-label=\"Formulario de contacto\" novalidate=\"novalidate\" data-status=\"init\">\n<fieldset class=\"hidden-fields-container\"><input type=\"hidden\" name=\"_wpcf7\" value=\"16861\" \/><input type=\"hidden\" name=\"_wpcf7_version\" value=\"6.1.5\" \/><input type=\"hidden\" name=\"_wpcf7_locale\" value=\"\" \/><input type=\"hidden\" name=\"_wpcf7_unit_tag\" value=\"wpcf7-f16861-o1\" \/><input type=\"hidden\" name=\"_wpcf7_container_post\" value=\"0\" \/><input type=\"hidden\" name=\"_wpcf7_posted_data_hash\" value=\"\" \/>\n<\/fieldset>\n<p><label><strong>Nombre y Apellidos \/ Vor- & Nachname*<\/strong><span class=\"wpcf7-form-control-wrap\" data-name=\"your-name\"><input size=\"40\" maxlength=\"400\" class=\"wpcf7-form-control wpcf7-text wpcf7-validates-as-required\" aria-required=\"true\" aria-invalid=\"false\" value=\"\" type=\"text\" name=\"your-name\" \/><\/span> <\/label>\n<\/p>\n<div style=\"float:left; width: 48%; margin-right:4%;\">\n\t<p><label><strong>Correo electr\u00f3nico \/ E-Mail*<\/strong><span class=\"wpcf7-form-control-wrap\" data-name=\"your-email\"><input size=\"40\" maxlength=\"400\" class=\"wpcf7-form-control wpcf7-email wpcf7-validates-as-required wpcf7-text wpcf7-validates-as-email\" aria-required=\"true\" aria-invalid=\"false\" value=\"\" type=\"email\" name=\"your-email\" \/><\/span> <\/label>\n\t<\/p>\n<\/div>\n<div style=\"float:left; width: 48%;\">\n\t<p><label><strong>Tel\u00e9fono \/ Telefonnummer<\/strong><span class=\"wpcf7-form-control-wrap\" data-name=\"Tel\"><input size=\"40\" maxlength=\"400\" class=\"wpcf7-form-control wpcf7-tel wpcf7-text wpcf7-validates-as-tel\" aria-invalid=\"false\" value=\"\" type=\"tel\" name=\"Tel\" \/><\/span> <\/label>\n\t<\/p>\n<\/div>\n<div style=\"width:48%; float:left; margin-right:4%;\">\n\t<p>Personas aprox.\/ Ungef. Personenzahl<span class=\"wpcf7-form-control-wrap\" data-name=\"Personas\"><select class=\"wpcf7-form-control wpcf7-select\" aria-invalid=\"false\" name=\"Personas\"><option value=\"1\">1<\/option><option value=\"2\">2<\/option><option value=\"3\">3<\/option><option value=\"4\">4<\/option><option value=\"5\">5<\/option><option value=\"6\">6<\/option><option value=\"7\">7<\/option><option value=\"8\">8<\/option><option value=\"9\">9<\/option><option value=\"10\">10<\/option><option value=\"11\">11<\/option><option value=\"12\">12<\/option><option value=\"13\">13<\/option><option value=\"14\">14<\/option><option value=\"15\">15<\/option><option value=\"16\">16<\/option><option value=\"m\u00e1s personas\">m\u00e1s personas<\/option><\/select><\/span>\n\t<\/p>\n<\/div>\n<div style=\"width:48%; float:left;\">\n<\/div>\n<div style=\"width:48%; float:left;\">\n\t<p>\u00bfC\u00f3mo describes vuestro nivel? \/ Wie beschribt ihr euer Level?<span class=\"wpcf7-form-control-wrap\" data-name=\"Entreno\"><select class=\"wpcf7-form-control wpcf7-select\" aria-invalid=\"false\" name=\"Entreno\"><option value=\"Elija el valor que m\u00e1s se aproxime a vuestro nivel medio \/ Was enstspricht am besten eurem Niveau\">Elija el valor que m\u00e1s se aproxime a vuestro nivel medio \/ Was enstspricht am besten eurem Niveau<\/option><option value=\"Entrenamos max. 2h\/sem. \/ Wir trainieren max. 2 Std.\/Woche\">Entrenamos max. 2h\/sem. \/ Wir trainieren max. 2 Std.\/Woche<\/option><option value=\"Entrenamos 2-6h\/sem. \/ Wir trainieren 2-6 Std.\/Woche\">Entrenamos 2-6h\/sem. \/ Wir trainieren 2-6 Std.\/Woche<\/option><option value=\"Entrenamos 6-12h\/sem. \/ Wir trainieren 6-12 Std.\/Woche\">Entrenamos 6-12h\/sem. \/ Wir trainieren 6-12 Std.\/Woche<\/option><option value=\"Entrenamos 12-18h\/sem. \/ Wir trainieren 12-18 Std.\/Woche\">Entrenamos 12-18h\/sem. \/ Wir trainieren 12-18 Std.\/Woche<\/option><option value=\"Entrenamos 18+h\/sem. \/ Wir trainieren 18+ Std.\/Woche\">Entrenamos 18+h\/sem. \/ Wir trainieren 18+ Std.\/Woche<\/option><\/select><\/span>\n\t<\/p>\n<\/div>\n<div style=\"width:48%; float:left;\">\n<\/div>\n<div style=\"float: left; width: 100%;\">\n\t<p><label> Cuenta nos algo sobre la fecha preferida y vuestra grupeta \/<br \/>\nErz\u00e4hle uns ein wenig \u00fcber euer bevorzugtes Datum und die Truppe<br \/>\n<span class=\"wpcf7-form-control-wrap\" data-name=\"your-message\"><textarea cols=\"40\" rows=\"10\" maxlength=\"2000\" class=\"wpcf7-form-control wpcf7-textarea\" aria-invalid=\"false\" name=\"your-message\"><\/textarea><\/span> <\/label>\n\t<\/p>\n<\/div>\n<div style=\"float: left; width: 100%;\">\n\t<p><span class=\"wpcf7-form-control-wrap\" data-name=\"AGB\"><span class=\"wpcf7-form-control wpcf7-checkbox wpcf7-validates-as-required\"><span class=\"wpcf7-list-item first last\"><label><input type=\"checkbox\" name=\"AGB[]\" value=\"Acepto los\" \/><span class=\"wpcf7-list-item-label\">Acepto los<\/span><\/label><\/span><\/span><\/span><a href=\"https:\/\/mountain-ride.com\/es\/terminos-y-condiciones-generales\/\"  target=\"new\"; >T\u00e9rminos y condiciones generales<\/a> \/ Ich akzeptiere die AGBs\n\t<\/p>\n<\/div>\n<div style=\"float: left; width: 100%;\">\n\t<p><span class=\"wpcf7-form-control-wrap\" data-name=\"Datenschutz\"><span class=\"wpcf7-form-control wpcf7-checkbox wpcf7-validates-as-required\"><span class=\"wpcf7-list-item first last\"><label><input type=\"checkbox\" name=\"Datenschutz[]\" value=\"Acepto\" \/><span class=\"wpcf7-list-item-label\">Acepto<\/span><\/label><\/span><\/span><\/span> que mis datos del formulario de contacto se recopilen y procesen para responder a mi consulta. Puede revocar su consentimiento en cualquier momento para el futuro enviando un correo electr\u00f3nico a lapalma@mountain-ride.com. Encontrar\u00e1 informaci\u00f3n detallada sobre el tratamiento de los datos de los usuarios en nuestra <a href=\"https:\/\/mountain-ride.com\/es\/politica-de-privacidad\/\"  target=\"new\";>pol\u00edtica de privacidad.<\/a> \/\/ Ich stimme zu, dass meine Angaben aus dem Kontaktformular zur Beantwortung meiner Anfrage erhoben und verarbeitet werden. Ihre Einwilligung k\u00f6nnen Sie jederzeit mit Wirkung f\u00fcr die Zukunft per E-Mail an lapalma@mountain-ride.com widerrufen. Ausf\u00fchrliche Informationen zur Verarbeitung von Nutzerdaten finden Sie in unserer in unserer Datenschutzerkl\u00e4rung.\n\t<\/p>\n<\/div>\n<div style=\"float: left; width: 100%;\">\n\t<p><span class=\"wpcf7-form-control-wrap\" data-name=\"quiz-9\"><label><span class=\"wpcf7-quiz-label\">Sumar 5 y 3 \/ Addiere 5 und 3<\/span> <input size=\"40\" class=\"wpcf7-form-control wpcf7-quiz\" autocomplete=\"off\" aria-required=\"true\" aria-invalid=\"false\" type=\"text\" name=\"quiz-9\" \/><\/label><input type=\"hidden\" name=\"_wpcf7_quiz_answer_quiz-9\" value=\"8673d37ee644ba73ea0487ddf1e55ebe\" \/><\/span>\n\t<\/p>\n<\/div>\n<div style=\"float: left; width: 100%;\">\n\t<p><input class=\"wpcf7-form-control wpcf7-submit has-spinner\" type=\"submit\" value=\"\u00a1Enviar! \/ Senden!\" \/>\n\t<\/p>\n<\/div><input type='hidden' class='wpcf7-pum' value='{\"closepopup\":false,\"closedelay\":0,\"openpopup\":false,\"openpopup_id\":0}' \/><div class=\"wpcf7-response-output\" aria-hidden=\"true\"><\/div>\n<\/form>\n<\/div>\n\r\n    <div class=\"wd_empty_space\" data-heightmobile=\"30px\" \r\n      data-heighttablet=\"30px\" data-heightdesktop=\"30px\"\r\n      style=\"height: 30pxpx;\" >\r\n    <\/div>\r\n\r\n    [\/vc_column][vc_column width=\u00bb2\/12&#8243;][\/vc_column][\/vc_row][vc_row css=\u00bb.vc_custom_1744069262609{padding-right: 10% !important;padding-left: 10% !important;background-color: #f4f4f4 !important;}\u00bb][vc_column]\r\n    <div class=\"wd_empty_space\" data-heightmobile=\"0\" \r\n      data-heighttablet=\"130px\" data-heightdesktop=\"10px\"\r\n      style=\"height: 10pxpx;\" >\r\n    <\/div>\r\n\r\n    [vc_row_inner][vc_column_inner width=\u00bb1\/3&#8243;][vc_icon icon_fontawesome=\u00bbfar fa-envelope\u00bb color=\u00bbblack\u00bb size=\u00bbsm\u00bb css=\u00bb.vc_custom_1744242002744{margin-bottom: 0px !important;margin-left: -17px !important;border-bottom-width: 0px !important;border-left-width: 0px !important;padding-top: 0px !important;padding-bottom: 0px !important;padding-left: 0px !important;}\u00bb][vc_column_text]<\/p>\n<h5 style=\"margin: 0px;\">CONTACTO<\/h5>\n<p>Estamos aqu\u00ed para ayudarte con cualquier consulta sobre nuestras rutas guiadas.<\/p>\n<p><strong>info@mrlp.es<\/strong>[\/vc_column_text][\/vc_column_inner][vc_column_inner width=\u00bb1\/3&#8243;][vc_icon icon_fontawesome=\u00bbfas fa-phone-alt\u00bb color=\u00bbblack\u00bb size=\u00bbsm\u00bb css=\u00bb.vc_custom_1744242176530{margin-bottom: 0px !important;margin-left: -17px !important;border-bottom-width: 0px !important;border-left-width: 0px !important;padding-top: 0px !important;padding-bottom: 0px !important;padding-left: 0px !important;}\u00bb][vc_column_text]<\/p>\n<h5 style=\"margin: 0px;\">TEL\u00c9FONO<\/h5>\n<p>Ll\u00e1manos para m\u00e1s informaci\u00f3n sobre nuestras rutas y promociones especiales.<\/p>\n<p><strong>+34 605 76 77 00<\/strong>[\/vc_column_text][\/vc_column_inner][vc_column_inner width=\u00bb1\/3&#8243;][vc_icon icon_fontawesome=\u00bbfas fa-map-marker-alt\u00bb color=\u00bbblack\u00bb size=\u00bbsm\u00bb css=\u00bb.vc_custom_1744242194936{margin-bottom: 0px !important;margin-left: -17px !important;border-bottom-width: 0px !important;border-left-width: 0px !important;padding-top: 0px !important;padding-bottom: 0px !important;padding-left: 0px !important;}\u00bb][vc_column_text]<\/p>\n<h5 style=\"margin: 0px;\">LOS LLANOS DE ARIDANE<\/h5>\n<p>Vis\u00edtanos para conocer m\u00e1s sobre nuestras rutas y disfrutar de La Palma.<\/p>\n<p><strong>Calle Sansof\u00e9 19<br \/>\n38760 Los Llanos de Aridane<\/strong>[\/vc_column_text][\/vc_column_inner][\/vc_row_inner]\r\n    <div class=\"wd_empty_space\" data-heightmobile=\"0\" \r\n      data-heighttablet=\"130px\" data-heightdesktop=\"30px\"\r\n      style=\"height: 30pxpx;\" >\r\n    <\/div>\r\n\r\n    [\/vc_column][\/vc_row][vc_row css=\u00bb.vc_custom_1744716795551{padding-top: 0px !important;padding-right: 20px !important;padding-bottom: 10px !important;padding-left: 20px !important;background-color: #640934 !important;}\u00bb][vc_column][vc_column_text]<\/p>\n<p style=\"text-align: center;\"><span style=\"color: #ffffff;\"><strong>\u00a9 <a style=\"color: #ffffff;\" href=\"https:\/\/mountain-ride.com\/es\/\" target=\"_blank\" rel=\"noopener\">MountainRide La Palma<\/a> 2025 Todos los derechos reservados | <a style=\"color: #ffffff;\" href=\"https:\/\/mountain-ride.com\/impressum\/\" target=\"_blank\" rel=\"noopener\">Aviso legal<\/a> | <a style=\"color: #ffffff;\" href=\"https:\/\/mountain-ride.com\/datenschutz\/\" target=\"_blank\" rel=\"noopener\">Pol\u00edtica de privacidad<\/a> | <a style=\"color: #ffffff;\" href=\"https:\/\/mountain-ride.com\/cookies\/\" target=\"_blank\" rel=\"noopener\">Cookies<\/a><\/strong><\/span><\/p>\n<p>[\/vc_column_text][\/vc_column][\/vc_row]<\/p>\n<\/div>","protected":false},"excerpt":{"rendered":"<p>[vc_row full_width=\u00bbstretch_row_content\u00bb css=\u00bb.vc_custom_1744759654760{padding-top: 20px !important;padding-bottom: 50px !important;background-image: url(https:\/\/mountain-ride.com\/wp-content\/uploads\/2025\/04\/conquista_titel_4.jpg?id=16721) !important;background-position: center !important;background-repeat: no-repeat !important;background-size: cover !important;}\u00bb][vc_column][vc_row_inner][vc_column_inner width=\u00bb1\/3&#8243;][\/vc_column_inner][vc_column_inner width=\u00bb1\/3&#8243; css=\u00bb.vc_custom_1744058142197{padding-right: 25% !important;padding-left: 25% !important;}\u00bb][vc_single_image image=\u00bb13777&#8243; img_size=\u00bbfull\u00bb alignment=\u00bbcenter\u00bb img_link_target=\u00bb_blank\u00bb link=\u00bbhttps:\/\/www.mountain-ride.com\u00bb onclick=\u00bbcustom_link\u00bb][\/vc_column_inner][vc_column_inner width=\u00bb1\/3&#8243; css=\u00bb.vc_custom_1744062178393{padding-right: 10% !important;}\u00bb offset=\u00bbvc_hidden-sm vc_hidden-xs\u00bb][vc_btn title=\u00bb\u00a1RESERVA YA!\u00bb shape=\u00bbsquare\u00bb color=\u00bbinverse\u00bb size=\u00bbsm\u00bb align=\u00bbright\u00bb link=\u00bburl:%23contact|\u00bb][\/vc_column_inner][\/vc_row_inner][vc_row_inner][vc_column_inner width=\u00bb1\/3&#8243;][\/vc_column_inner][vc_column_inner width=\u00bb1\/3&#8243; css=\u00bb.vc_custom_1744062376533{padding-top: 8% !important;padding-right: 35% !important;padding-bottom: 0px !important;padding-left: 35% !important;}\u00bb][vc_single_image image=\u00bb13801&#8243; img_size=\u00bbfull\u00bb alignment=\u00bbcenter\u00bb][\/vc_column_inner][vc_column_inner [&hellip;]<\/p>\n","protected":false},"author":1,"featured_media":0,"parent":0,"menu_order":0,"comment_status":"closed","ping_status":"closed","template":"..\/public\/views\/revslider-page-template.php","meta":{"footnotes":""},"class_list":["wd-product-box","post-16893","page","type-page","status-publish","hentry"],"_links":{"self":[{"href":"https:\/\/mountain-ride.com\/es\/wp-json\/wp\/v2\/pages\/16893","targetHints":{"allow":["GET"]}}],"collection":[{"href":"https:\/\/mountain-ride.com\/es\/wp-json\/wp\/v2\/pages"}],"about":[{"href":"https:\/\/mountain-ride.com\/es\/wp-json\/wp\/v2\/types\/page"}],"author":[{"embeddable":true,"href":"https:\/\/mountain-ride.com\/es\/wp-json\/wp\/v2\/users\/1"}],"replies":[{"embeddable":true,"href":"https:\/\/mountain-ride.com\/es\/wp-json\/wp\/v2\/comments?post=16893"}],"version-history":[{"count":6,"href":"https:\/\/mountain-ride.com\/es\/wp-json\/wp\/v2\/pages\/16893\/revisions"}],"predecessor-version":[{"id":16915,"href":"https:\/\/mountain-ride.com\/es\/wp-json\/wp\/v2\/pages\/16893\/revisions\/16915"}],"wp:attachment":[{"href":"https:\/\/mountain-ride.com\/es\/wp-json\/wp\/v2\/media?parent=16893"}],"curies":[{"name":"wp","href":"https:\/\/api.w.org\/{rel}","templated":true}]}}